{"id":942,"date":"2023-06-07T01:06:42","date_gmt":"2023-06-06T23:06:42","guid":{"rendered":"http:\/\/www.kienzl.net\/blog\/?page_id=942"},"modified":"2026-04-21T00:06:15","modified_gmt":"2026-04-20T22:06:15","slug":"aktuell","status":"publish","type":"page","link":"https:\/\/www.kienzl.net\/blog\/aktuell\/","title":{"rendered":"News"},"content":{"rendered":"\n<div class=\"wp-block-media-text alignwide is-stacked-on-mobile is-vertically-aligned-top\" style=\"grid-template-columns:15% auto\"><figure class=\"wp-block-media-text__media\"><img loading=\"lazy\" decoding=\"async\" width=\"1080\" height=\"1080\" src=\"https:\/\/www.kienzl.net\/blog\/wp-content\/uploads\/2026\/04\/zyklen-ausstellung.jpeg\" alt=\"Ernest A. Kienzl ZYKLEN\" class=\"wp-image-2396 size-full\" srcset=\"https:\/\/www.kienzl.net\/blog\/wp-content\/uploads\/2026\/04\/zyklen-ausstellung.jpeg 1080w, https:\/\/www.kienzl.net\/blog\/wp-content\/uploads\/2026\/04\/zyklen-ausstellung-300x300.jpeg 300w, https:\/\/www.kienzl.net\/blog\/wp-content\/uploads\/2026\/04\/zyklen-ausstellung-150x150.jpeg 150w, https:\/\/www.kienzl.net\/blog\/wp-content\/uploads\/2026\/04\/zyklen-ausstellung-768x768.jpeg 768w\" sizes=\"auto, (max-width: 1080px) 100vw, 1080px\" \/><\/figure><div class=\"wp-block-media-text__content\">\n<p>Einzelausstellung <br \/>Ernest A. Kienzl &#8211; ZYKLEN<br \/>im Stadtmuseum St. P\u00f6lten \/ N\u00d6 Dokumentationszentrum f\u00fcr moderne Kunst<br \/>vom 8. 5. bis 14. 6. 2026<\/p>\n\n\n\n<p class=\"has-small-font-size\"><\/p>\n\n\n\n<figure class=\"wp-block-image size-full is-resized\"><a href=\"https:\/\/1drv.ms\/b\/c\/607465fea40a52c0\/IQAe5adHtpT8Srvfr0oKqW7vAcSuXOu1XvFpWBjowizKoO4?e=fXENZ3\" target=\"_blank\" rel=\" noreferrer noopener\"><img loading=\"lazy\" decoding=\"async\" width=\"839\" height=\"595\" src=\"https:\/\/www.kienzl.net\/blog\/wp-content\/uploads\/2026\/04\/e-mail-einladung-vorschau-web.jpg\" alt=\"\" class=\"wp-image-2397\" style=\"width:195px;height:auto\" srcset=\"https:\/\/www.kienzl.net\/blog\/wp-content\/uploads\/2026\/04\/e-mail-einladung-vorschau-web.jpg 839w, https:\/\/www.kienzl.net\/blog\/wp-content\/uploads\/2026\/04\/e-mail-einladung-vorschau-web-300x213.jpg 300w, https:\/\/www.kienzl.net\/blog\/wp-content\/uploads\/2026\/04\/e-mail-einladung-vorschau-web-768x545.jpg 768w\" sizes=\"auto, (max-width: 839px) 100vw, 839px\" \/><\/a><\/figure>\n\n\n\n<hr class=\"wp-block-separator has-alpha-channel-opacity is-style-wide\"\/>\n<\/div><\/div>\n\n\n\n<div class=\"wp-block-media-text alignwide is-stacked-on-mobile is-vertically-aligned-top\" style=\"grid-template-columns:15% auto\"><figure class=\"wp-block-media-text__media\"><img loading=\"lazy\" decoding=\"async\" width=\"780\" height=\"781\" src=\"https:\/\/www.kienzl.net\/blog\/wp-content\/uploads\/2025\/10\/logo_79-jahr-cweb-800.jpg\" alt=\"\" class=\"wp-image-1863 size-full\" srcset=\"https:\/\/www.kienzl.net\/blog\/wp-content\/uploads\/2025\/10\/logo_79-jahr-cweb-800.jpg 780w, https:\/\/www.kienzl.net\/blog\/wp-content\/uploads\/2025\/10\/logo_79-jahr-cweb-800-300x300.jpg 300w, https:\/\/www.kienzl.net\/blog\/wp-content\/uploads\/2025\/10\/logo_79-jahr-cweb-800-150x150.jpg 150w, https:\/\/www.kienzl.net\/blog\/wp-content\/uploads\/2025\/10\/logo_79-jahr-cweb-800-768x769.jpg 768w\" sizes=\"auto, (max-width: 780px) 100vw, 780px\" \/><\/figure><div class=\"wp-block-media-text__content\">\n<p>Teilnahme und Kuratierung der <br \/><em><strong>79. Jahresausstellung des St. P\u00f6ltner K\u00fcnstlerbundes<\/strong><\/em> <br \/>im Stadtmuseum St. P\u00f6lten<br \/>vom 17. 10. bis 14. 11. 2025<\/p>\n\n\n\n<p class=\"has-small-font-size\"><\/p>\n\n\n\n<figure class=\"wp-block-image size-full is-resized\"><a href=\"https:\/\/www.kienzl.net\/blog\/wp-content\/uploads\/2025\/10\/einladung_79-jahresausstellung-2025-web-2-web-2000.jpg\"><img loading=\"lazy\" decoding=\"async\" width=\"2000\" height=\"1419\" src=\"https:\/\/www.kienzl.net\/blog\/wp-content\/uploads\/2025\/10\/einladung_79-jahresausstellung-2025-web-2-web-2000.jpg\" alt=\"\" class=\"wp-image-1871\" style=\"width:195px;height:auto\" srcset=\"https:\/\/www.kienzl.net\/blog\/wp-content\/uploads\/2025\/10\/einladung_79-jahresausstellung-2025-web-2-web-2000.jpg 2000w, https:\/\/www.kienzl.net\/blog\/wp-content\/uploads\/2025\/10\/einladung_79-jahresausstellung-2025-web-2-web-2000-300x213.jpg 300w, https:\/\/www.kienzl.net\/blog\/wp-content\/uploads\/2025\/10\/einladung_79-jahresausstellung-2025-web-2-web-2000-768x545.jpg 768w, https:\/\/www.kienzl.net\/blog\/wp-content\/uploads\/2025\/10\/einladung_79-jahresausstellung-2025-web-2-web-2000-1536x1090.jpg 1536w\" sizes=\"auto, (max-width: 2000px) 100vw, 2000px\" \/><\/a><\/figure>\n\n\n\n<div class=\"wp-block-media-text is-stacked-on-mobile\" style=\"grid-template-columns:62% auto\"><figure class=\"wp-block-media-text__media\"><img loading=\"lazy\" decoding=\"async\" width=\"1558\" height=\"967\" src=\"https:\/\/www.kienzl.net\/blog\/wp-content\/uploads\/2025\/10\/20251011_114854-kienzl-Kopie.jpg\" alt=\"\" class=\"wp-image-1868 size-full\" srcset=\"https:\/\/www.kienzl.net\/blog\/wp-content\/uploads\/2025\/10\/20251011_114854-kienzl-Kopie.jpg 1558w, https:\/\/www.kienzl.net\/blog\/wp-content\/uploads\/2025\/10\/20251011_114854-kienzl-Kopie-300x186.jpg 300w, https:\/\/www.kienzl.net\/blog\/wp-content\/uploads\/2025\/10\/20251011_114854-kienzl-Kopie-768x477.jpg 768w, https:\/\/www.kienzl.net\/blog\/wp-content\/uploads\/2025\/10\/20251011_114854-kienzl-Kopie-1536x953.jpg 1536w\" sizes=\"auto, (max-width: 1558px) 100vw, 1558px\" \/><\/figure><div class=\"wp-block-media-text__content\">\n<p>Meine Siebdruckserie<br \/>\u201efound abstracts | palms\u201c<br \/>in der Ausstellung<\/p>\n<\/div><\/div>\n\n\n\n<hr class=\"wp-block-separator has-alpha-channel-opacity is-style-wide\"\/>\n<\/div><\/div>\n\n\n\n<p><\/p>\n\n\n\n<div class=\"wp-block-media-text alignwide is-stacked-on-mobile is-vertically-aligned-top\" style=\"grid-template-columns:15% auto\"><figure class=\"wp-block-media-text__media\"><img loading=\"lazy\" decoding=\"async\" width=\"2000\" height=\"1414\" src=\"https:\/\/www.kienzl.net\/blog\/wp-content\/uploads\/2025\/08\/Einladung_Gauermann-lb-druck-2000x1414.jpg\" alt=\"\" class=\"wp-image-1825 size-full\" srcset=\"https:\/\/www.kienzl.net\/blog\/wp-content\/uploads\/2025\/08\/Einladung_Gauermann-lb-druck-2000x1414.jpg 2000w, https:\/\/www.kienzl.net\/blog\/wp-content\/uploads\/2025\/08\/Einladung_Gauermann-lb-druck-300x212.jpg 300w, https:\/\/www.kienzl.net\/blog\/wp-content\/uploads\/2025\/08\/Einladung_Gauermann-lb-druck-768x543.jpg 768w, https:\/\/www.kienzl.net\/blog\/wp-content\/uploads\/2025\/08\/Einladung_Gauermann-lb-druck-1536x1086.jpg 1536w, https:\/\/www.kienzl.net\/blog\/wp-content\/uploads\/2025\/08\/Einladung_Gauermann-lb-druck-2048x1448.jpg 2048w\" sizes=\"auto, (max-width: 2000px) 100vw, 2000px\" \/><\/figure><div class=\"wp-block-media-text__content\">\n<p>Einzelausstellung <br \/>found abstracts | palms<br \/><br \/>Gauermannmuseum<br \/>2761 Miesenbach, Scheuchenstein 127<br \/><br \/>vom 20. 9. bis 30. 11. 2025<br \/>Er\u00f6ffnung: 19. 9. 2025, 19.00 Uhr<\/p>\n\n\n\n<p class=\"has-small-font-size\"><a href=\"http:\/\/kienzl.net\/2025\/Einladung_Gauermann-lb-druck.pdf\">Download der Webeinladung:<\/a><\/p>\n\n\n\n<figure class=\"wp-block-image size-full is-resized\"><a href=\"http:\/\/kienzl.net\/2025\/Einladung_Gauermann-lb-druck.pdf\"><img loading=\"lazy\" decoding=\"async\" width=\"2560\" height=\"1810\" src=\"https:\/\/www.kienzl.net\/blog\/wp-content\/uploads\/2025\/08\/Einladung_Gauermann-lb-druck-1-scaled.jpg\" alt=\"\" class=\"wp-image-1826\" style=\"width:auto;height:102px\" srcset=\"https:\/\/www.kienzl.net\/blog\/wp-content\/uploads\/2025\/08\/Einladung_Gauermann-lb-druck-1-scaled.jpg 2560w, https:\/\/www.kienzl.net\/blog\/wp-content\/uploads\/2025\/08\/Einladung_Gauermann-lb-druck-1-300x212.jpg 300w, https:\/\/www.kienzl.net\/blog\/wp-content\/uploads\/2025\/08\/Einladung_Gauermann-lb-druck-1-2000x1414.jpg 2000w, https:\/\/www.kienzl.net\/blog\/wp-content\/uploads\/2025\/08\/Einladung_Gauermann-lb-druck-1-768x543.jpg 768w, https:\/\/www.kienzl.net\/blog\/wp-content\/uploads\/2025\/08\/Einladung_Gauermann-lb-druck-1-1536x1086.jpg 1536w, https:\/\/www.kienzl.net\/blog\/wp-content\/uploads\/2025\/08\/Einladung_Gauermann-lb-druck-1-2048x1448.jpg 2048w\" sizes=\"auto, (max-width: 2560px) 100vw, 2560px\" \/><\/a><\/figure>\n\n\n\n<p class=\"has-small-font-size\"><\/p>\n\n\n\n<div style=\"height:41px\" aria-hidden=\"true\" class=\"wp-block-spacer\"><\/div>\n\n\n\n<hr class=\"wp-block-separator has-alpha-channel-opacity is-style-wide\"\/>\n<\/div><\/div>\n\n\n\n<p><\/p>\n\n\n\n<div class=\"wp-block-media-text alignwide is-stacked-on-mobile is-vertically-aligned-top\" style=\"grid-template-columns:15% auto\"><figure class=\"wp-block-media-text__media\"><img loading=\"lazy\" decoding=\"async\" width=\"1634\" height=\"1794\" src=\"https:\/\/www.kienzl.net\/blog\/wp-content\/uploads\/2025\/11\/bildschirmfoto_2025-09-30_um_19_32_08_web_1920.jpeg\" alt=\"\" class=\"wp-image-1885 size-full\" srcset=\"https:\/\/www.kienzl.net\/blog\/wp-content\/uploads\/2025\/11\/bildschirmfoto_2025-09-30_um_19_32_08_web_1920.jpeg 1634w, https:\/\/www.kienzl.net\/blog\/wp-content\/uploads\/2025\/11\/bildschirmfoto_2025-09-30_um_19_32_08_web_1920-273x300.jpeg 273w, https:\/\/www.kienzl.net\/blog\/wp-content\/uploads\/2025\/11\/bildschirmfoto_2025-09-30_um_19_32_08_web_1920-768x843.jpeg 768w, https:\/\/www.kienzl.net\/blog\/wp-content\/uploads\/2025\/11\/bildschirmfoto_2025-09-30_um_19_32_08_web_1920-1399x1536.jpeg 1399w\" sizes=\"auto, (max-width: 1634px) 100vw, 1634px\" \/><\/figure><div class=\"wp-block-media-text__content\">\n<p>Teilnahme an der Ausstellung <br \/>BLUE MOODS reloaded<br \/><br \/>KUNST:WERK St. P\u00f6lten<br \/>vom 8. 9. bis 27. 9. 2025<br \/>Er\u00f6ffnung: 8. 9. 2025, 19.00 Uhr<\/p>\n\n\n\n<p class=\"has-small-font-size\">Webeinladung<a href=\"https:\/\/www.kienzl.net\/2025\/voyage\/Herzliche-Einladung-Voyage.pdf\">:<\/a><\/p>\n\n\n\n<figure class=\"wp-block-image size-full is-resized\"><img loading=\"lazy\" decoding=\"async\" width=\"1200\" height=\"432\" src=\"https:\/\/www.kienzl.net\/blog\/wp-content\/uploads\/2025\/11\/blue-moods-reloaded-web-1200.jpg\" alt=\"Einladung Blue Moods reloaded\" class=\"wp-image-1890\" style=\"width:228px;height:auto\" srcset=\"https:\/\/www.kienzl.net\/blog\/wp-content\/uploads\/2025\/11\/blue-moods-reloaded-web-1200.jpg 1200w, https:\/\/www.kienzl.net\/blog\/wp-content\/uploads\/2025\/11\/blue-moods-reloaded-web-1200-300x108.jpg 300w, https:\/\/www.kienzl.net\/blog\/wp-content\/uploads\/2025\/11\/blue-moods-reloaded-web-1200-768x276.jpg 768w\" sizes=\"auto, (max-width: 1200px) 100vw, 1200px\" \/><\/figure>\n\n\n\n<p class=\"has-small-font-size\"><\/p>\n\n\n\n<div style=\"height:41px\" aria-hidden=\"true\" class=\"wp-block-spacer\"><\/div>\n\n\n\n<hr class=\"wp-block-separator has-alpha-channel-opacity is-style-wide\"\/>\n<\/div><\/div>\n\n\n\n<p><\/p>\n\n\n\n<div class=\"wp-block-media-text alignwide is-stacked-on-mobile is-vertically-aligned-top\" style=\"grid-template-columns:15% auto\"><figure class=\"wp-block-media-text__media\"><img loading=\"lazy\" decoding=\"async\" width=\"1920\" height=\"1363\" src=\"https:\/\/www.kienzl.net\/blog\/wp-content\/uploads\/2025\/11\/1-BLUE-MOODS-EINLADUNG-St-Poelten_vorne_copy_web_1920.jpeg\" alt=\"Einladung Blue Moods St. P\u00f6lten\" class=\"wp-image-1897 size-full\" srcset=\"https:\/\/www.kienzl.net\/blog\/wp-content\/uploads\/2025\/11\/1-BLUE-MOODS-EINLADUNG-St-Poelten_vorne_copy_web_1920.jpeg 1920w, https:\/\/www.kienzl.net\/blog\/wp-content\/uploads\/2025\/11\/1-BLUE-MOODS-EINLADUNG-St-Poelten_vorne_copy_web_1920-300x213.jpeg 300w, https:\/\/www.kienzl.net\/blog\/wp-content\/uploads\/2025\/11\/1-BLUE-MOODS-EINLADUNG-St-Poelten_vorne_copy_web_1920-768x545.jpeg 768w, https:\/\/www.kienzl.net\/blog\/wp-content\/uploads\/2025\/11\/1-BLUE-MOODS-EINLADUNG-St-Poelten_vorne_copy_web_1920-1536x1090.jpeg 1536w\" sizes=\"auto, (max-width: 1920px) 100vw, 1920px\" \/><\/figure><div class=\"wp-block-media-text__content\">\n<p>Teilnahme an der Ausstellung <br \/>BLUE MOODS<br \/><br \/>KUNST:WERK St. P\u00f6lten<br \/>vom 23. 8. bis 7. 9. 2025<br \/>Er\u00f6ffnung: 21. 8. 2025, 19.00 Uhr<\/p>\n\n\n\n<p class=\"has-small-font-size\">Webeinladung<a href=\"https:\/\/www.kienzl.net\/2025\/voyage\/Herzliche-Einladung-Voyage.pdf\">:<\/a><\/p>\n\n\n\n<figure class=\"wp-block-image size-full is-resized\"><img loading=\"lazy\" decoding=\"async\" width=\"1200\" height=\"852\" src=\"https:\/\/www.kienzl.net\/blog\/wp-content\/uploads\/2025\/11\/2-BLUE-MOODS-EINLADUNG-St-web-1200.jpg\" alt=\"Einladung Blue Moods\" class=\"wp-image-1889\" style=\"width:271px;height:auto\" srcset=\"https:\/\/www.kienzl.net\/blog\/wp-content\/uploads\/2025\/11\/2-BLUE-MOODS-EINLADUNG-St-web-1200.jpg 1200w, https:\/\/www.kienzl.net\/blog\/wp-content\/uploads\/2025\/11\/2-BLUE-MOODS-EINLADUNG-St-web-1200-300x213.jpg 300w, https:\/\/www.kienzl.net\/blog\/wp-content\/uploads\/2025\/11\/2-BLUE-MOODS-EINLADUNG-St-web-1200-768x545.jpg 768w\" sizes=\"auto, (max-width: 1200px) 100vw, 1200px\" \/><\/figure>\n\n\n\n<p class=\"has-small-font-size\"><\/p>\n\n\n\n<div style=\"height:41px\" aria-hidden=\"true\" class=\"wp-block-spacer\"><\/div>\n\n\n\n<hr class=\"wp-block-separator has-alpha-channel-opacity is-style-wide\"\/>\n<\/div><\/div>\n\n\n\n<div class=\"wp-block-media-text alignwide is-stacked-on-mobile is-vertically-aligned-top\" style=\"grid-template-columns:15% auto\"><figure class=\"wp-block-media-text__media\"><img loading=\"lazy\" decoding=\"async\" width=\"1200\" height=\"857\" src=\"https:\/\/www.kienzl.net\/blog\/wp-content\/uploads\/2025\/11\/blue-moods-baden-web-1200.jpg\" alt=\"\" class=\"wp-image-1884 size-full\" srcset=\"https:\/\/www.kienzl.net\/blog\/wp-content\/uploads\/2025\/11\/blue-moods-baden-web-1200.jpg 1200w, https:\/\/www.kienzl.net\/blog\/wp-content\/uploads\/2025\/11\/blue-moods-baden-web-1200-300x214.jpg 300w, https:\/\/www.kienzl.net\/blog\/wp-content\/uploads\/2025\/11\/blue-moods-baden-web-1200-768x548.jpg 768w\" sizes=\"auto, (max-width: 1200px) 100vw, 1200px\" \/><\/figure><div class=\"wp-block-media-text__content\">\n<p>Teilnahme an der Ausstellung <br \/>BLUE MOODS<br \/><br \/>Galerie im Turm Baden<br \/>vom 22. 8. bis 7. 9. 2025<br \/>Er\u00f6ffnung: 21. 8. 2025, 19.00 Uhr<\/p>\n\n\n\n<p class=\"has-small-font-size\">Webeinladung<a href=\"https:\/\/www.kienzl.net\/2025\/voyage\/Herzliche-Einladung-Voyage.pdf\">:<\/a><\/p>\n\n\n\n<figure class=\"wp-block-image size-full is-resized\"><img loading=\"lazy\" decoding=\"async\" width=\"1200\" height=\"852\" src=\"https:\/\/www.kienzl.net\/blog\/wp-content\/uploads\/2025\/11\/2-BLUE-MOODS-EINLADUNG-St-web-1200.jpg\" alt=\"Einladung Blue Moods\" class=\"wp-image-1889\" style=\"width:261px;height:auto\" srcset=\"https:\/\/www.kienzl.net\/blog\/wp-content\/uploads\/2025\/11\/2-BLUE-MOODS-EINLADUNG-St-web-1200.jpg 1200w, https:\/\/www.kienzl.net\/blog\/wp-content\/uploads\/2025\/11\/2-BLUE-MOODS-EINLADUNG-St-web-1200-300x213.jpg 300w, https:\/\/www.kienzl.net\/blog\/wp-content\/uploads\/2025\/11\/2-BLUE-MOODS-EINLADUNG-St-web-1200-768x545.jpg 768w\" sizes=\"auto, (max-width: 1200px) 100vw, 1200px\" \/><\/figure>\n\n\n\n<p class=\"has-small-font-size\"><\/p>\n\n\n\n<div style=\"height:41px\" aria-hidden=\"true\" class=\"wp-block-spacer\"><\/div>\n\n\n\n<hr class=\"wp-block-separator has-alpha-channel-opacity is-style-wide\"\/>\n<\/div><\/div>\n\n\n\n<div class=\"wp-block-media-text alignwide is-stacked-on-mobile is-vertically-aligned-top\" style=\"grid-template-columns:15% auto\"><figure class=\"wp-block-media-text__media\"><img loading=\"lazy\" decoding=\"async\" width=\"1358\" height=\"1921\" src=\"https:\/\/www.kienzl.net\/blog\/wp-content\/uploads\/2025\/05\/EINLADUNG-AUSSTELLUNG-VOYAGE-web.jpg\" alt=\"einladungsbild_voyage\" class=\"wp-image-1751 size-full\" srcset=\"https:\/\/www.kienzl.net\/blog\/wp-content\/uploads\/2025\/05\/EINLADUNG-AUSSTELLUNG-VOYAGE-web.jpg 1358w, https:\/\/www.kienzl.net\/blog\/wp-content\/uploads\/2025\/05\/EINLADUNG-AUSSTELLUNG-VOYAGE-web-212x300.jpg 212w, https:\/\/www.kienzl.net\/blog\/wp-content\/uploads\/2025\/05\/EINLADUNG-AUSSTELLUNG-VOYAGE-web-768x1086.jpg 768w, https:\/\/www.kienzl.net\/blog\/wp-content\/uploads\/2025\/05\/EINLADUNG-AUSSTELLUNG-VOYAGE-web-1086x1536.jpg 1086w\" sizes=\"auto, (max-width: 1358px) 100vw, 1358px\" \/><\/figure><div class=\"wp-block-media-text__content\">\n<p>Teilnahme an der Ausstellung <br \/>Voyage &#8211; Wir bauen ein Raumschiff<br \/><br \/>KUNST\/WERK St. P\u00f6lten<br \/>vom 16.5. bis 14. 6. 2025<br \/>Er\u00f6ffnung: 16. 5. 2025, 18.30 Uhr<\/p>\n\n\n\n<p class=\"has-small-font-size\"><a href=\"https:\/\/www.kienzl.net\/2025\/voyage\/Herzliche-Einladung-Voyage.pdf\">Download der Webeinladung:<\/a><\/p>\n\n\n\n<figure class=\"wp-block-image\"><a class=\"fancybox image\" href=\"https:\/\/www.kienzl.net\/blog\/wp-content\/uploads\/2025\/05\/EINLADUNG-AUSSTELLUNG-VOYAGE-web-100.jpg\"><img loading=\"lazy\" decoding=\"async\" width=\"71\" height=\"100\" src=\"https:\/\/www.kienzl.net\/blog\/wp-content\/uploads\/2025\/05\/EINLADUNG-AUSSTELLUNG-VOYAGE-web-100.jpg\" alt=\"\" class=\"wp-image-1747\"\/><\/a><\/figure>\n\n\n\n<p class=\"has-small-font-size\"><\/p>\n\n\n\n<div style=\"height:41px\" aria-hidden=\"true\" class=\"wp-block-spacer\"><\/div>\n\n\n\n<hr class=\"wp-block-separator has-alpha-channel-opacity is-style-wide\"\/>\n<\/div><\/div>\n\n\n\n<div class=\"wp-block-media-text alignwide is-stacked-on-mobile is-vertically-aligned-top\" style=\"grid-template-columns:15% auto\"><figure class=\"wp-block-media-text__media\"><img loading=\"lazy\" decoding=\"async\" width=\"212\" height=\"300\" src=\"https:\/\/www.kienzl.net\/blog\/wp-content\/uploads\/2024\/11\/Einladung-Lebzelterhaus-web-300.jpg\" alt=\"\" class=\"wp-image-1585 size-full\"\/><\/figure><div class=\"wp-block-media-text__content\">\n<p>Teilnahme an der Ausstellung <br \/>KUNST\/WERK<br \/>in der Galerie Lebzelterhaus V\u00f6klabruck<br \/>vom 25. 11. bis 14. 12. 2024<\/p>\n\n\n\n<p class=\"has-small-font-size\"><\/p>\n\n\n\n<p><\/p>\n\n\n\n<div style=\"height:41px\" aria-hidden=\"true\" class=\"wp-block-spacer\"><\/div>\n\n\n\n<hr class=\"wp-block-separator has-alpha-channel-opacity is-style-wide\"\/>\n<\/div><\/div>\n\n\n\n<div class=\"wp-block-media-text alignwide is-stacked-on-mobile is-vertically-aligned-top\" style=\"grid-template-columns:15% auto\"><figure class=\"wp-block-media-text__media\"><img loading=\"lazy\" decoding=\"async\" width=\"300\" height=\"300\" src=\"https:\/\/www.kienzl.net\/blog\/wp-content\/uploads\/2024\/10\/logo_78-jahr-aweb.300.jpg\" alt=\"\" class=\"wp-image-1496 size-full\" srcset=\"https:\/\/www.kienzl.net\/blog\/wp-content\/uploads\/2024\/10\/logo_78-jahr-aweb.300.jpg 300w, https:\/\/www.kienzl.net\/blog\/wp-content\/uploads\/2024\/10\/logo_78-jahr-aweb.300-150x150.jpg 150w\" sizes=\"auto, (max-width: 300px) 100vw, 300px\" \/><\/figure><div class=\"wp-block-media-text__content\">\n<p>Teilnahme und Kuratierung der <br \/><em><strong>78. Jahresausstellung des St. P\u00f6ltner K\u00fcnstlerbundes<\/strong><\/em> <br \/>im Stadtmuseum St. P\u00f6lten<br \/>vom 11. 10. bis 14. 11. 2024<\/p>\n\n\n\n<p class=\"has-small-font-size\"><\/p>\n\n\n\n<figure class=\"wp-block-image size-full is-resized\"><img loading=\"lazy\" decoding=\"async\" width=\"2000\" height=\"1419\" src=\"https:\/\/www.kienzl.net\/blog\/wp-content\/uploads\/2024\/10\/einladung_78-jahresausstellung-2024a-1_4-web-2000.jpg\" alt=\"\" class=\"wp-image-1499\" style=\"width:195px;height:auto\" srcset=\"https:\/\/www.kienzl.net\/blog\/wp-content\/uploads\/2024\/10\/einladung_78-jahresausstellung-2024a-1_4-web-2000.jpg 2000w, https:\/\/www.kienzl.net\/blog\/wp-content\/uploads\/2024\/10\/einladung_78-jahresausstellung-2024a-1_4-web-2000-300x213.jpg 300w, https:\/\/www.kienzl.net\/blog\/wp-content\/uploads\/2024\/10\/einladung_78-jahresausstellung-2024a-1_4-web-2000-768x545.jpg 768w, https:\/\/www.kienzl.net\/blog\/wp-content\/uploads\/2024\/10\/einladung_78-jahresausstellung-2024a-1_4-web-2000-1536x1090.jpg 1536w\" sizes=\"auto, (max-width: 2000px) 100vw, 2000px\" \/><\/figure>\n\n\n\n<hr class=\"wp-block-separator has-alpha-channel-opacity is-style-wide\"\/>\n<\/div><\/div>\n\n\n\n<div class=\"wp-block-media-text alignwide is-stacked-on-mobile\" style=\"grid-template-columns:15% auto\"><figure class=\"wp-block-media-text__media\"><img loading=\"lazy\" decoding=\"async\" width=\"400\" height=\"800\" src=\"https:\/\/www.kienzl.net\/blog\/wp-content\/uploads\/2024\/09\/tangente_stadtgalerie_flyer-Din-lang_Eroeffnung_RZ-1-web-800.jpg\" alt=\"\" class=\"wp-image-1424 size-full\" srcset=\"https:\/\/www.kienzl.net\/blog\/wp-content\/uploads\/2024\/09\/tangente_stadtgalerie_flyer-Din-lang_Eroeffnung_RZ-1-web-800.jpg 400w, https:\/\/www.kienzl.net\/blog\/wp-content\/uploads\/2024\/09\/tangente_stadtgalerie_flyer-Din-lang_Eroeffnung_RZ-1-web-800-150x300.jpg 150w\" sizes=\"auto, (max-width: 400px) 100vw, 400px\" \/><\/figure><div class=\"wp-block-media-text__content\">\n<p>Teilnahme an der Ausstellung<br \/><em><strong>Stadtgalerie der Tangente &#8211; Festival f\u00fcr Gegenwartskultur<\/strong><\/em><br \/>Position 11<br \/>mit der Dokumentation der Ausstellung<br \/><em>\u201eDIE GR\u00dcNE WELLE\u201c<\/em>, 1978 im Stadtmuseum St. P\u00f6lten<br \/>anl\u00e4sslich der St. P\u00f6ltner Restwochen 1976-78<br \/>Innenstadt St. P\u00f6lten<br \/>vom 12. 9. bis 6. 10. 2024<\/p>\n\n\n\n<hr class=\"wp-block-separator has-alpha-channel-opacity is-style-wide\"\/>\n<\/div><\/div>\n\n\n\n<div class=\"wp-block-media-text alignwide is-stacked-on-mobile\" style=\"grid-template-columns:15% auto\"><figure class=\"wp-block-media-text__media\"><img loading=\"lazy\" decoding=\"async\" width=\"1084\" height=\"1552\" src=\"https:\/\/www.kienzl.net\/blog\/wp-content\/uploads\/2024\/08\/CamScanner-23.08.2024-14.56-1.jpg\" alt=\"Plakat Nell\u00b4eco dell'altro\" class=\"wp-image-1387 size-full\" srcset=\"https:\/\/www.kienzl.net\/blog\/wp-content\/uploads\/2024\/08\/CamScanner-23.08.2024-14.56-1.jpg 1084w, https:\/\/www.kienzl.net\/blog\/wp-content\/uploads\/2024\/08\/CamScanner-23.08.2024-14.56-1-210x300.jpg 210w, https:\/\/www.kienzl.net\/blog\/wp-content\/uploads\/2024\/08\/CamScanner-23.08.2024-14.56-1-768x1100.jpg 768w, https:\/\/www.kienzl.net\/blog\/wp-content\/uploads\/2024\/08\/CamScanner-23.08.2024-14.56-1-1073x1536.jpg 1073w\" sizes=\"auto, (max-width: 1084px) 100vw, 1084px\" \/><\/figure><div class=\"wp-block-media-text__content\">\n<p>Teilnahme an der Ausstellung<br \/><em><strong>NELL\u00b4ECO DELL\u00b4ALTRO<\/strong><\/em><br \/>Galeria CULT in Alghero, Sardinien<br \/>vom 23. 8. bis 5. 9. 2024<\/p>\n\n\n\n<hr class=\"wp-block-separator has-alpha-channel-opacity is-style-wide\"\/>\n<\/div><\/div>\n\n\n\n<div class=\"wp-block-media-text alignwide is-stacked-on-mobile\" style=\"grid-template-columns:15% auto\"><figure class=\"wp-block-media-text__media\"><img loading=\"lazy\" decoding=\"async\" width=\"566\" height=\"800\" src=\"https:\/\/www.kienzl.net\/blog\/wp-content\/uploads\/2024\/09\/2024-MANIFESTO-nuovo4-web-800.jpg\" alt=\"\" class=\"wp-image-1413 size-full\" srcset=\"https:\/\/www.kienzl.net\/blog\/wp-content\/uploads\/2024\/09\/2024-MANIFESTO-nuovo4-web-800.jpg 566w, https:\/\/www.kienzl.net\/blog\/wp-content\/uploads\/2024\/09\/2024-MANIFESTO-nuovo4-web-800-212x300.jpg 212w\" sizes=\"auto, (max-width: 566px) 100vw, 566px\" \/><\/figure><div class=\"wp-block-media-text__content\">\n<p>Teilnahme an Symposium und Ausstellung<br \/><em><strong>NELL\u00b4ECO DELL\u00b4ALTRO<\/strong><\/em><br \/>im Chiostro del Carmelo in Bosa, Sardinien<br \/>vom 19. bis 24. 8. 2024<\/p>\n<\/div><\/div>\n\n\n\n<hr class=\"wp-block-separator has-alpha-channel-opacity is-style-wide\"\/>\n\n\n\n<div class=\"wp-block-media-text alignwide is-stacked-on-mobile\" style=\"grid-template-columns:15% auto\"><figure class=\"wp-block-media-text__media\"><img loading=\"lazy\" decoding=\"async\" width=\"475\" height=\"1200\" src=\"https:\/\/www.kienzl.net\/blog\/wp-content\/uploads\/2024\/07\/einladung-beruehrend-web1200.jpg\" alt=\"Einladung zur Ausstellung \u201eber\u00fchrend\u201c\" class=\"wp-image-1341 size-full\" srcset=\"https:\/\/www.kienzl.net\/blog\/wp-content\/uploads\/2024\/07\/einladung-beruehrend-web1200.jpg 475w, https:\/\/www.kienzl.net\/blog\/wp-content\/uploads\/2024\/07\/einladung-beruehrend-web1200-119x300.jpg 119w\" sizes=\"auto, (max-width: 475px) 100vw, 475px\" \/><\/figure><div class=\"wp-block-media-text__content\">\n<p>Teilnahme an <br \/>und Kuratierung der Ausstellung<br \/><em><strong>ber\u00fchrend<\/strong><\/em><br \/>im KUNST:WERK St. P\u00f6lten<br \/>vom 29. 2. bis 6. 4. 2024<\/p>\n<\/div><\/div>\n\n\n\n<div class=\"wp-block-media-text alignwide is-stacked-on-mobile is-vertically-aligned-top\" style=\"grid-template-columns:15% auto\"><figure class=\"wp-block-media-text__media\"><img loading=\"lazy\" decoding=\"async\" width=\"375\" height=\"800\" src=\"https:\/\/www.kienzl.net\/blog\/wp-content\/uploads\/2023\/11\/adventkalender__einladung-24_23-web-800.jpg\" alt=\"Einladung vierundzwanzig 23\" class=\"wp-image-1299 size-full\" srcset=\"https:\/\/www.kienzl.net\/blog\/wp-content\/uploads\/2023\/11\/adventkalender__einladung-24_23-web-800.jpg 375w, https:\/\/www.kienzl.net\/blog\/wp-content\/uploads\/2023\/11\/adventkalender__einladung-24_23-web-800-141x300.jpg 141w\" sizes=\"auto, (max-width: 375px) 100vw, 375px\" \/><\/figure><div class=\"wp-block-media-text__content\">\n<p>Teilnahme an der Ausstellung<br \/><em><strong>Vierundzwanzig 23<\/strong><\/em><br \/>im KUNST:WERK St. P\u00f6lten<br \/>vom 23. 11. bis 16. 12. 2023<br \/><br \/>und als Adventkalender auf der <a href=\"https:\/\/www.facebook.com\/stp.kb\" data-type=\"link\" data-id=\"https:\/\/www.facebook.com\/stp.kb\" target=\"_blank\" rel=\"noreferrer noopener\">Facebookseite des St. P\u00f6ltner K\u00fcnstlerbundes<\/a><\/p>\n\n\n\n<p class=\"has-small-font-size\"><a href=\"https:\/\/www.stpoeltnerkuenstlerbund.at\/kunstwerk\/2023\/24_23\/adventkalender__einladung%2024_23.pdf\" target=\"_blank\" rel=\"noreferrer noopener\">Download der Einladung<\/a><\/p>\n<\/div><\/div>\n\n\n\n<hr class=\"wp-block-separator has-alpha-channel-opacity\"\/>\n\n\n\n<div class=\"wp-block-media-text alignwide is-stacked-on-mobile is-vertically-aligned-top\" style=\"grid-template-columns:15% auto\"><figure class=\"wp-block-media-text__media\"><img loading=\"lazy\" decoding=\"async\" width=\"1134\" height=\"907\" src=\"https:\/\/www.kienzl.net\/blog\/wp-content\/uploads\/2023\/11\/abstrakt_mail_96.jpg\" alt=\"\" class=\"wp-image-1265 size-full\" srcset=\"https:\/\/www.kienzl.net\/blog\/wp-content\/uploads\/2023\/11\/abstrakt_mail_96.jpg 1134w, https:\/\/www.kienzl.net\/blog\/wp-content\/uploads\/2023\/11\/abstrakt_mail_96-300x240.jpg 300w, https:\/\/www.kienzl.net\/blog\/wp-content\/uploads\/2023\/11\/abstrakt_mail_96-768x614.jpg 768w\" sizes=\"auto, (max-width: 1134px) 100vw, 1134px\" \/><\/figure><div class=\"wp-block-media-text__content\">\n<p>Teilnahme an der Ausstellung<br \/>Nora Bachel und Ernest A. Kienzl | <em><strong>ABSTRAKT &amp; ABSTRAKT<\/strong><\/em> <br \/>im kunstraumarcade 2340 M\u00f6dling, Hauptstra\u00dfe 79 (Beethovenhaus)<br \/>vom 18. 11. bis 23. 12. 2023<\/p>\n\n\n\n<p class=\"has-small-font-size\"><a href=\"https:\/\/www.kienzl.net\/blog\/wp-content\/uploads\/2023\/11\/abstrakt_mail_96.jpg\">Download der Einladung<\/a><\/p>\n<\/div><\/div>\n\n\n\n<hr class=\"wp-block-separator has-alpha-channel-opacity\"\/>\n\n\n\n<div class=\"wp-block-media-text alignwide is-stacked-on-mobile is-vertically-aligned-top\" style=\"grid-template-columns:15% auto\"><figure class=\"wp-block-media-text__media\"><img loading=\"lazy\" decoding=\"async\" width=\"300\" height=\"300\" src=\"https:\/\/www.kienzl.net\/blog\/wp-content\/uploads\/2023\/10\/logo_77-jahr-a-web-300.jpg\" alt=\"Logo 77. Jahresausstellung des St. P\u00f6ltner K\u00fcnstlerbundes\" class=\"wp-image-1251 size-full\" srcset=\"https:\/\/www.kienzl.net\/blog\/wp-content\/uploads\/2023\/10\/logo_77-jahr-a-web-300.jpg 300w, https:\/\/www.kienzl.net\/blog\/wp-content\/uploads\/2023\/10\/logo_77-jahr-a-web-300-150x150.jpg 150w\" sizes=\"auto, (max-width: 300px) 100vw, 300px\" \/><\/figure><div class=\"wp-block-media-text__content\">\n<p>Teilnahme und Kuratierung der <br \/><em><strong>77. Jahresausstellung des St. P\u00f6ltner K\u00fcnstlerbundes<\/strong><\/em> <br \/>im Stadtmuseum St. P\u00f6lten<br \/>vom 14. 10. bis 18. 11. 2023<\/p>\n\n\n\n<p class=\"has-small-font-size\"><a href=\"https:\/\/www.stpoeltnerkuenstlerbund.at\/2023\/einladung_77-jahresausstellung-2023-a-web.pdf\">Download der Einladung<\/a><\/p>\n<\/div><\/div>\n\n\n\n<hr class=\"wp-block-separator has-alpha-channel-opacity\"\/>\n\n\n\n<div class=\"wp-block-media-text alignwide is-stacked-on-mobile is-vertically-aligned-top\" style=\"grid-template-columns:15% auto\"><figure class=\"wp-block-media-text__media\"><img loading=\"lazy\" decoding=\"async\" width=\"250\" height=\"260\" src=\"https:\/\/www.kienzl.net\/blog\/wp-content\/uploads\/2023\/09\/OTTO-HUSINSKY.jpg\" alt=\"\" class=\"wp-image-1239 size-full\"\/><\/figure><div class=\"wp-block-media-text__content\">\n<p>Teilnahme an der Ausstellung<br \/><em><strong>Celebration &#8211; 25 Jahre Galerie im Turm Baden<\/strong><\/em> <br \/>in der Galerie im Turm der Bezirkshauptmannschaft Baden<br \/>vom 22. 9. bis 8. 10. 2023<\/p>\n\n\n\n<p class=\"has-small-font-size\"><a href=\"http:\/\/www.kunstaspekt.at\/2023\/celebration.html\">Download der Einladung<\/a><\/p>\n\n\n\n<hr class=\"wp-block-separator has-alpha-channel-opacity\"\/>\n<\/div><\/div>\n\n\n\n<div class=\"wp-block-media-text alignwide is-stacked-on-mobile\" style=\"grid-template-columns:15% auto\"><figure class=\"wp-block-media-text__media\"><a href=\"https:\/\/artfacts.net\/artist\/ernest-a-kienzl\/151530\" target=\"_blank\" rel=\"noreferrer noopener\"><img loading=\"lazy\" decoding=\"async\" width=\"2000\" height=\"1334\" src=\"https:\/\/www.kienzl.net\/blog\/wp-content\/uploads\/2023\/06\/2023-06-23-web-2000.jpg\" alt=\"Screenshot Artfacts 23. 6. 2023\" class=\"wp-image-1090 size-full\" srcset=\"https:\/\/www.kienzl.net\/blog\/wp-content\/uploads\/2023\/06\/2023-06-23-web-2000.jpg 2000w, https:\/\/www.kienzl.net\/blog\/wp-content\/uploads\/2023\/06\/2023-06-23-web-2000-300x200.jpg 300w, https:\/\/www.kienzl.net\/blog\/wp-content\/uploads\/2023\/06\/2023-06-23-web-2000-768x512.jpg 768w, https:\/\/www.kienzl.net\/blog\/wp-content\/uploads\/2023\/06\/2023-06-23-web-2000-1536x1025.jpg 1536w\" sizes=\"auto, (max-width: 2000px) 100vw, 2000px\" \/><\/a><\/figure><div class=\"wp-block-media-text__content\">\n<p>Erstmals bei Artfacts mit den Positionen 994 (A) \/ 29.805 (WW) in den TOP-1.000 in \u00d6sterreich und den TOP-30.000 weltweit!<\/p>\n\n\n\n<p>Da kommt Freude auf!<\/p>\n<\/div><\/div>\n\n\n\n<hr class=\"wp-block-separator has-alpha-channel-opacity\"\/>\n\n\n\n<div class=\"wp-block-media-text alignwide is-stacked-on-mobile is-vertically-aligned-top\" style=\"grid-template-columns:15% auto\"><figure class=\"wp-block-media-text__media\"><img loading=\"lazy\" decoding=\"async\" width=\"382\" height=\"800\" src=\"https:\/\/www.kienzl.net\/blog\/wp-content\/uploads\/2023\/06\/einladung-straight_edges-web-800.jpg\" alt=\"\" class=\"wp-image-1015 size-full\" srcset=\"https:\/\/www.kienzl.net\/blog\/wp-content\/uploads\/2023\/06\/einladung-straight_edges-web-800.jpg 382w, https:\/\/www.kienzl.net\/blog\/wp-content\/uploads\/2023\/06\/einladung-straight_edges-web-800-143x300.jpg 143w\" sizes=\"auto, (max-width: 382px) 100vw, 382px\" \/><\/figure><div class=\"wp-block-media-text__content\">\n<p>Teilnahme an der Ausstellung<br \/><em><strong>straight edges + hard lines<\/strong><\/em> <br \/>im KUNST:WERK St. P\u00f6lten<br \/>vom 15. 6. bis 15. 7. 2023<\/p>\n\n\n\n<p class=\"has-small-font-size\"><a href=\"https:\/\/www.stpoeltnerkuenstlerbund.at\/kunstwerk\/2023\/straight_edges\/einladung-straight_edges-korr-2-web.pdf\">Download der Einladung<\/a><\/p>\n<\/div><\/div>\n\n\n\n<hr class=\"wp-block-separator has-alpha-channel-opacity\"\/>\n\n\n\n<div class=\"wp-block-media-text alignwide is-stacked-on-mobile\" style=\"grid-template-columns:15% auto\"><figure class=\"wp-block-media-text__media\"><img loading=\"lazy\" decoding=\"async\" width=\"300\" height=\"304\" src=\"https:\/\/www.kienzl.net\/blog\/wp-content\/uploads\/2023\/06\/logo-parasit-quadratweb-300.jpg\" alt=\"\" class=\"wp-image-1017 size-full\" srcset=\"https:\/\/www.kienzl.net\/blog\/wp-content\/uploads\/2023\/06\/logo-parasit-quadratweb-300.jpg 300w, https:\/\/www.kienzl.net\/blog\/wp-content\/uploads\/2023\/06\/logo-parasit-quadratweb-300-296x300.jpg 296w\" sizes=\"auto, (max-width: 300px) 100vw, 300px\" \/><\/figure><div class=\"wp-block-media-text__content\">\n<p>Teilnahme an <br \/>und Kuratierung der Ausstellung<br \/><em><strong>Parasiten<\/strong><\/em><br \/>im KUNST:WERK St. P\u00f6lten<br \/>vom 9. 3. bis 8. 4. 2023<\/p>\n<\/div><\/div>\n\n\n\n<hr class=\"wp-block-separator has-alpha-channel-opacity\"\/>\n","protected":false},"excerpt":{"rendered":"<p>Teilnahme an Symposium und AusstellungNELL\u00b4ECO DELL\u00b4ALTROim Chiostro del Carmelo in Bosa, Sardinienvom 19. bis 24. 8. 2024 Teilnahme an und Kuratierung der Ausstellungber\u00fchrendim KUNST:WERK St. P\u00f6ltenvom 29. 2. bis 6. 4. 2024 Teilnahme an der AusstellungVierundzwanzig 23im KUNST:WERK St. P\u00f6ltenvom 23. 11. bis 16. 12. 2023 und als Adventkalender auf der Facebookseite des St. P\u00f6ltner [&hellip;]<\/p>\n","protected":false},"author":5,"featured_media":0,"parent":0,"menu_order":0,"comment_status":"closed","ping_status":"closed","template":"","meta":{"footnotes":""},"class_list":["post-942","page","type-page","status-publish","hentry"],"_links":{"self":[{"href":"https:\/\/www.kienzl.net\/blog\/wp-json\/wp\/v2\/pages\/942","targetHints":{"allow":["GET"]}}],"collection":[{"href":"https:\/\/www.kienzl.net\/blog\/wp-json\/wp\/v2\/pages"}],"about":[{"href":"https:\/\/www.kienzl.net\/blog\/wp-json\/wp\/v2\/types\/page"}],"author":[{"embeddable":true,"href":"https:\/\/www.kienzl.net\/blog\/wp-json\/wp\/v2\/users\/5"}],"replies":[{"embeddable":true,"href":"https:\/\/www.kienzl.net\/blog\/wp-json\/wp\/v2\/comments?post=942"}],"version-history":[{"count":47,"href":"https:\/\/www.kienzl.net\/blog\/wp-json\/wp\/v2\/pages\/942\/revisions"}],"predecessor-version":[{"id":2408,"href":"https:\/\/www.kienzl.net\/blog\/wp-json\/wp\/v2\/pages\/942\/revisions\/2408"}],"wp:attachment":[{"href":"https:\/\/www.kienzl.net\/blog\/wp-json\/wp\/v2\/media?parent=942"}],"curies":[{"name":"wp","href":"https:\/\/api.w.org\/{rel}","templated":true}]}}